{"id":501,"date":"2020-07-31T14:15:05","date_gmt":"2020-07-31T14:15:05","guid":{"rendered":"https:\/\/catechismochiesacattolica.it\/?post_type=pagine&#038;p=501"},"modified":"2022-04-22T13:52:15","modified_gmt":"2022-04-22T11:52:15","slug":"articolo-primo-luomo-immagine-di-dio","status":"publish","type":"pagine","link":"https:\/\/lucecristiana.org\/catechismo\/indice-generale\/parte-terza\/sezione-prima-2\/capitolo-primo-2\/articolo-primo-luomo-immagine-di-dio\/","title":{"rendered":"Articolo primo &#8211; L&#8217;uomo immagine di Dio"},"content":{"rendered":"<h3 align=\"left\"><b>ARTICOLO 1<\/b><\/h3>\n<h4 align=\"left\"><b>L&#8217;UOMO IMMAGINE DI DIO<\/b><\/h4>\n<p align=\"left\"><b>1701<\/b><i> <\/i>\u00ab Cristo [&#8230;], proprio rivelando il mistero del Padre e del suo amore, svela anche pienamente l&#8217;uomo all&#8217;uomo e gli fa nota la sua altissima vocazione \u00bb.<sup>22<\/sup> \u00c8 in Cristo, \u00ab immagine del Dio invisibile \u00bb (<i>Col <\/i>1,15),<sup>23<\/sup> che l&#8217;uomo \u00e8 stato creato ad \u00ab immagine e somiglianza \u00bb del Creatore. \u00c8 in Cristo, Redentore e Salvatore, che l&#8217;immagine divina, deformata nell&#8217;uomo dal primo peccato, \u00e8 stata restaurata nella sua bellezza originale e nobilitata dalla grazia di Dio.<sup>24<\/sup><\/p>\n<p align=\"left\"><b>1702<\/b> L&#8217;immagine divina \u00e8 presente in ogni uomo. Risplende nella comunione delle persone, a somiglianza dell&#8217;unit\u00e0 delle persone divine tra loro (cf <i>capitolo secondo<\/i>).<\/p>\n<p align=\"left\"><b>1703<\/b> Dotata di un&#8217;anima spirituale ed immortale,<sup>25<\/sup> la persona umana \u00e8 in terra \u00ab la sola creatura che Dio abbia voluto per se stessa \u00bb.<sup>26<\/sup> Fin dal suo concepimento \u00e8 destinata alla beatitudine eterna.<\/p>\n<p align=\"left\"><b>1704<\/b> La persona umana partecipa alla luce e alla forza dello Spirito divino. Grazie alla ragione \u00e8 capace di comprendere l&#8217;ordine delle cose stabilito dal Creatore. Grazie alla volont\u00e0 \u00e8 capace di orientarsi da s\u00e9 al suo vero bene. Trova la propria perfezione nel cercare e nell&#8217;amare il vero e il bene.<sup>27<\/sup><\/p>\n<p align=\"left\"><b>1705<\/b> In virt\u00f9 della sua anima e delle sue potenze spirituali d&#8217;intelli-genza e di volont\u00e0, l&#8217;uomo \u00e8 dotato di libert\u00e0, \u00ab segno altissimo dell&#8217;immagine divina \u00bb.<sup>28<\/sup><\/p>\n<p align=\"left\"><b>1706<\/b> Con la sua ragione l&#8217;uomo conosce la voce di Dio che lo \u00ab chiama sempre [&#8230;] a fare il bene e a fuggire il male \u00bb.<sup>29<\/sup> Ciascuno \u00e8 tenuto a seguire questa legge che risuona nella coscienza e che trova il suo compimento nell&#8217;amore di Dio e del prossimo. L&#8217;esercizio della vita morale attesta la dignit\u00e0 della persona.<\/p>\n<p align=\"left\"><b>1707<\/b> \u00ab L&#8217;uomo per\u00f2, tentato dal maligno, fin dagli inizi della storia abus\u00f2 della sua libert\u00e0 \u00bb.<sup>30<\/sup> Egli cedette alla tentazione e commise il male. Conserva il desiderio del bene, ma la sua natura porta la ferita del peccato originale. \u00c8 diventato incline al male e soggetto all&#8217;errore:<\/p>\n<blockquote>\n<p align=\"left\">\u00ab Cos\u00ec l&#8217;uomo si trova in se stesso diviso. Per questo tutta la vita umana, sia individuale che collettiva, presenta i caratteri di una lotta drammatica tra il bene e il male, tra la luce e le tenebre \u00bb.<sup>31<\/sup><\/p>\n<\/blockquote>\n<p align=\"left\"><b>1708<\/b> Con la sua passione Cristo ci ha liberati da Satana e dal peccato. Ci ha meritato la vita nuova nello Spirito Santo. La sua grazia restaura ci\u00f2 che il peccato aveva in noi deteriorato.<\/p>\n<p align=\"left\"><b>1709<\/b> Chi crede in Cristo diventa figlio di Dio. Questa adozione filiale lo trasforma dandogli la capacit\u00e0 di seguire l&#8217;esempio di Cristo. Lo rende capace di agire rettamente e di compiere il bene. Nell&#8217;unione con il suo Salvatore, il discepolo raggiunge la perfezione della carit\u00e0, cio\u00e8 la santit\u00e0. La vita morale, maturata nella grazia, sboccia in vita eterna, nella gloria del cielo.<\/p>\n<h3 align=\"left\"><b><a name=\"In sintesi\"><\/a>In sintesi<\/b><\/h3>\n<p align=\"left\"><b>1710<\/b> \u00ab <i>Cristo <\/i>[&#8230;] <i>svela pienamente l&#8217;uomo all&#8217;uomo e gli fa nota la sua altissima vocazione<\/i> \u00bb.<sup>32<\/sup><\/p>\n<p align=\"left\"><b>1711<\/b> <i>Dotata di un&#8217;anima spirituale, d&#8217;intelligenza e di volont\u00e0, la persona umana fin dal suo concepimento \u00e8 ordinata a Dio e destinata alla beatitudine eterna. Essa raggiunge la propria perfezione nel cercare ed amare il vero e il bene<\/i>.<sup>33<\/sup><\/p>\n<p align=\"left\"><b>1712<\/b> \u00ab <i>La vera libert\u00e0 <\/i>[&#8230;] <i>\u00e8 nell&#8217;uomo segno altissimo dell&#8217;immagine divina<\/i> \u00bb.<sup>34<\/sup><\/p>\n<p align=\"left\"><b>1713<\/b> <i>L&#8217;uomo \u00e8 tenuto a seguire la legge morale che lo spinge <\/i>\u00ab <i>a fare il bene e a fuggire il male<\/i> \u00bb.<sup>35<\/sup> <i>Questa legge risuona nella sua coscienza.<\/i><\/p>\n<p align=\"left\"><b>1714<\/b><i> L&#8217;uomo, ferito nella propria natura dal peccato originale, \u00e8 soggetto all&#8217;errore ed incline al male nell&#8217;esercizio della sua libert\u00e0.<\/i><\/p>\n<p align=\"left\"><b>1715<\/b><i> Chi crede in Cristo ha la vita nuova nello Spirito Santo. La vita morale, cresciuta e maturata nella grazia, arriva a compimento nella gloria del cielo.<\/i><\/p>\n<hr \/>\n<p align=\"left\"><span style=\"font-size: small;\">(22) Concilio Vaticano II, Cost. past. <i>Gaudium et spes<\/i>, 22: AAS 58 (1966) 1042.<\/span><\/p>\n<p align=\"left\"><span style=\"font-size: small;\">(23) Cf <i>2 Cor <\/i>4,4.<\/span><\/p>\n<p align=\"left\"><span style=\"font-size: small;\">(24) Cf Concilio Vaticano II, Cost. past. <i>Gaudium et spes<\/i>, 22: AAS 58 (1966) 1042.<\/span><\/p>\n<p align=\"left\"><span style=\"font-size: small;\">(25) Cf Concilio Vaticano II, Cost. past. <i>Gaudium et spes<\/i>, 14: AAS 58 (1966) 1036.<\/span><\/p>\n<p align=\"left\"><span style=\"font-size: small;\">(26) Concilio Vaticano II, Cost. past. <i>Gaudium et spes<\/i>, 24: AAS 58 (1966) 1045.<\/span><\/p>\n<p align=\"left\"><span style=\"font-size: small;\">(27) Cf Concilio Vaticano II, Cost. past. <i>Gaudium et spes<\/i>, 15: AAS 58 (1966) 1036.<\/span><\/p>\n<p align=\"left\"><span style=\"font-size: small;\">(28) Concilio Vaticano II, Cost. past. <i>Gaudium et spes<\/i>, 17: AAS 58 (1966) 1037.<\/span><\/p>\n<p align=\"left\"><span style=\"font-size: small;\">(29) Concilio Vaticano II, Cost. past. <i>Gaudium et spes<\/i>, 16: AAS 58 (1966) 1037.<\/span><\/p>\n<p align=\"left\"><span style=\"font-size: small;\">(30) Concilio Vaticano II, Cost. past. <i>Gaudium et spes<\/i>, 13: AAS 58 (1966) 1034.<\/span><\/p>\n<p align=\"left\"><span style=\"font-size: small;\">(31) Concilio Vaticano II, Cost. past. <i>Gaudium et spes<\/i>, 13: AAS 58 (1966) 1035.<\/span><\/p>\n<p align=\"left\"><span style=\"font-size: small;\">(32) Concilio Vaticano II, Cost. past. <i>Gaudium et spes<\/i>, 22: AAS 58 (1966) 1042.<\/span><\/p>\n<p align=\"left\"><span style=\"font-size: small;\">(33) Cf Concilio Vaticano II, Cost. past. <i>Gaudium et spes<\/i>, 15: AAS 58 (1966) 1036.<\/span><\/p>\n<p align=\"left\"><span style=\"font-size: small;\">(34) Concilio Vaticano II, Cost. past. <i>Gaudium et spes<\/i>, 17: AAS 58 (1966) 1037.<\/span><\/p>\n<p align=\"left\"><span style=\"font-size: small;\">(35) Concilio Vaticano II, Cost. past. <i>Gaudium et spes<\/i>, 16: AAS 58 (1966) 1037.<\/span><\/p>\n","protected":false},"excerpt":{"rendered":"<p>ARTICOLO 1 L&#8217;UOMO IMMAGINE DI DIO 1701 \u00ab Cristo [&#8230;], proprio rivelando il mistero del Padre e del suo amore, svela anche pienamente l&#8217;uomo all&#8217;uomo e gli fa nota la&hellip;<\/p>\n","protected":false},"author":2,"featured_media":13523,"parent":499,"menu_order":0,"comment_status":"closed","ping_status":"closed","template":"","format":"standard","meta":{"footnotes":""},"categories":[1],"class_list":["post-501","pagine","type-pagine","status-publish","format-standard","has-post-thumbnail","hentry","category-senza-categoria"],"_links":{"self":[{"href":"https:\/\/lucecristiana.org\/catechismo\/wp-json\/wp\/v2\/pagine\/501","targetHints":{"allow":["GET"]}}],"collection":[{"href":"https:\/\/lucecristiana.org\/catechismo\/wp-json\/wp\/v2\/pagine"}],"about":[{"href":"https:\/\/lucecristiana.org\/catechismo\/wp-json\/wp\/v2\/types\/pagine"}],"author":[{"embeddable":true,"href":"https:\/\/lucecristiana.org\/catechismo\/wp-json\/wp\/v2\/users\/2"}],"replies":[{"embeddable":true,"href":"https:\/\/lucecristiana.org\/catechismo\/wp-json\/wp\/v2\/comments?post=501"}],"version-history":[{"count":0,"href":"https:\/\/lucecristiana.org\/catechismo\/wp-json\/wp\/v2\/pagine\/501\/revisions"}],"up":[{"embeddable":true,"href":"https:\/\/lucecristiana.org\/catechismo\/wp-json\/wp\/v2\/pagine\/499"}],"wp:featuredmedia":[{"embeddable":true,"href":"https:\/\/lucecristiana.org\/catechismo\/wp-json\/wp\/v2\/media\/13523"}],"wp:attachment":[{"href":"https:\/\/lucecristiana.org\/catechismo\/wp-json\/wp\/v2\/media?parent=501"}],"wp:term":[{"taxonomy":"category","embeddable":true,"href":"https:\/\/lucecristiana.org\/catechismo\/wp-json\/wp\/v2\/categories?post=501"}],"curies":[{"name":"wp","href":"https:\/\/api.w.org\/{rel}","templated":true}]}}