{"id":287,"date":"2020-07-29T09:06:50","date_gmt":"2020-07-29T09:06:50","guid":{"rendered":"https:\/\/catechismochiesacattolica.it\/?post_type=pagine&#038;p=287"},"modified":"2022-04-22T13:52:20","modified_gmt":"2022-04-22T11:52:20","slug":"articolo-secondo-noi-crediamo","status":"publish","type":"pagine","link":"https:\/\/lucecristiana.org\/catechismo\/indice-generale\/parte-prima\/sezione-prima\/capitolo-terzo\/articolo-secondo-noi-crediamo\/","title":{"rendered":"Articolo secondo &#8220;Noi Crediamo&#8221;"},"content":{"rendered":"<h2 align=\"left\"><\/h2>\n<h3 align=\"left\"><a name=\"articolo2\"><\/a><b>ARTICOLO 2 <\/b><\/h3>\n<h4 align=\"left\"><b>NOI CREDIAMO<\/b><\/h4>\n<p align=\"left\"><b>166 <\/b>La fede \u00e8 un atto personale: \u00e8 la libera risposta dell&#8217;uomo all&#8217;iniziativa di Dio che si rivela. La fede per\u00f2 non \u00e8 un atto isolato. Nessuno pu\u00f2 credere da solo, cos\u00ec come nessuno pu\u00f2 vivere da solo. Nessuno si \u00e8 dato la fede da se stesso, cos\u00ec come nessuno da se stesso si \u00e8 dato l&#8217;esistenza. Il credente ha ricevuto la fede da altri e ad altri la deve trasmettere. Il nostro amore per Ges\u00f9 e per gli uomini ci spinge a parlare ad altri della nostra fede. In tal modo ogni credente \u00e8 come un anello nella grande catena dei credenti. Io non posso credere senza essere sorretto dalla fede degli altri, e, con la mia fede, contribuisco a sostenere la fede degli altri.<\/p>\n<p align=\"left\"><b>167<\/b><i> <\/i>\u00ab Io credo \u00bb:<sup> 212<\/sup> \u00e8 la fede della Chiesa professata personalmente da ogni credente, soprattutto al momento del Battesimo. \u00ab Noi crediamo \u00bb:<sup> 213<\/sup> \u00e8 la fede della Chiesa confessata dai Vescovi riuniti in Concilio, o, pi\u00f9 generalmente, dall&#8217;assemblea liturgica dei credenti. \u00ab Io credo \u00bb: \u00e8 anche la Chiesa, nostra Madre, che risponde a Dio con la sua fede e che ci insegna a dire: \u00ab Io credo \u00bb, \u00ab Noi crediamo \u00bb.<\/p>\n<h3 align=\"left\"><b><a name=\"I. \u00abGuarda, Signore, alla fede della tua Chiesa\u00bb\"><\/a>I. \u00abGuarda, Signore, alla fede della tua Chiesa\u00bb<\/b><\/h3>\n<p align=\"left\"><b>168<\/b> \u00c8 innanzi tutto la Chiesa che crede, e che cos\u00ec regge, nutre e sostiene la mia fede. \u00c8 innanzi tutto la Chiesa che, ovunque, confessa il Signore, (\u00ab Te per orbem terrarum sancta confitetur Ecclesia La santa Chiesa proclama la tua gloria su tutta la terra \u00bb, cantiamo nel \u00ab Te Deum \u00bb) e con essa e in essa anche noi siamo trascinati e condotti a confessare: \u00ab Io credo \u00bb, \u00ab Noi crediamo \u00bb. Dalla Chiesa riceviamo la fede e la vita nuova in Cristo mediante il Battesimo. Nel \u00ab Rituale Romano \u00bb il ministro del Battesimo domanda al catecumeno: \u00ab Che cosa chiedi alla Chiesa di Dio? \u00bb. E la risposta \u00e8: \u00ab La fede \u00bb \u2013 \u00ab Che cosa ti dona la fede? \u00bb \u2013 \u00ab La vita eterna \u00bb.<sup> 214<\/sup><\/p>\n<p align=\"left\"><b>169<\/b> La salvezza viene solo da Dio; ma, poich\u00e9 riceviamo la vita della fede attraverso la Chiesa, questa \u00e8 nostra Madre: \u00ab Noi crediamo la Chiesa come Madre della nostra nuova nascita, e non nella Chiesa come se essa fosse l&#8217;autrice della nostra salvezza \u00bb.<sup> 215<\/sup> Essendo nostra Madre, la Chiesa \u00e8 anche l&#8217;educatrice della nostra fede.<\/p>\n<h3 align=\"left\"><b><a name=\"II. Il linguaggio della fede\"><\/a>II. Il linguaggio della fede<\/b><\/h3>\n<p align=\"left\"><b>170<\/b> Noi non crediamo in alcune formule, ma nelle realt\u00e0 che esse esprimono e che la fede ci permette di \u00ab toccare \u00bb. \u00ab L&#8217;atto [di fede] del credente non si ferma all&#8217;enunciato, ma raggiunge la realt\u00e0 [enunciata] \u00bb.<sup> 216<\/sup> Tuttavia, noi accostiamo queste realt\u00e0 con l&#8217;aiuto delle formulazioni della fede. Esse ci permettono di esprimere e di trasmettere la fede, di celebrarla in comunit\u00e0, di assimilarla e di viverla sempre pi\u00f9 intensamente.<\/p>\n<p align=\"left\"><b>171<\/b><i> <\/i>La Chiesa, che \u00e8 \u00ab colonna e sostegno della verit\u00e0 \u00bb (1<i> Tm <\/i>3,15), conserva fedelmente la fede, che fu trasmessa ai credenti una volta per tutte.<sup> 217<\/sup> \u00c8 la Chiesa che custodisce la memoria delle parole di Cristo e trasmette di generazione in generazione la confessione di fede degli Apostoli. Come una madre che insegna ai suoi figli a parlare, e quindi a comprendere e a comunicare, la Chiesa nostra Madre ci insegna il linguaggio della fede per introdurci nell&#8217;intelligenza della fede e nella vita.<\/p>\n<h3 align=\"left\"><b><a name=\"III. Una sola fede\"><\/a>III. Una sola fede<\/b><\/h3>\n<p align=\"left\"><b>172<\/b> Da secoli, attraverso molte lingue, culture, popoli e nazioni, la Chiesa non cessa di confessare la sua unica fede, ricevuta da un solo Signore, trasmessa mediante un solo Battesimo, radicata nella convinzione che tutti gli uomini non hanno che un solo Dio e Padre.<sup> 218<\/sup> Sant&#8217;Ireneo di Lione, testimone di questa fede, dichiara:<\/p>\n<p align=\"left\"><b>173<\/b> \u00ab In realt\u00e0, la Chiesa, sebbene diffusa in tutto il mondo fino alle estremit\u00e0 della terra, avendo ricevuto dagli Apostoli e dai loro discepoli la fede [&#8230;], conserva questa predicazione e questa fede con cura e, come se abitasse un&#8217;unica casa, vi crede in uno stesso identico modo, come se avesse una sola anima ed un cuore solo, e predica le verit\u00e0 della fede, le insegna e le trasmette con voce unanime, come se avesse una sola bocca \u00bb.<sup> 219<\/sup><\/p>\n<p align=\"left\"><b>174<\/b> \u00ab Infatti, se le lingue nel mondo sono varie, il contenuto della Tradizione \u00e8 per\u00f2 unico e identico. E non hanno altra fede o altra Tradizione n\u00e9 le Chiese che sono in Germania, n\u00e9 quelle che sono in Spagna, n\u00e9 quelle che sono presso i Celti (in Gallia), n\u00e9 quelle dell&#8217;Oriente, dell&#8217;Egitto, della Libia, n\u00e9 quelle che sono al centro del mondo \u00bb.<sup> 220<\/sup> \u00ab Il messaggio della Chiesa \u00e8 dunque veridico e solido, poich\u00e9 essa addita a tutto il mondo una sola via di salvezza \u00bb.<sup> 221<\/sup><\/p>\n<p align=\"left\"><b>175<\/b> \u00ab Conserviamo con cura questa fede che abbiamo ricevuto dalla Chiesa, perch\u00e9, sotto l&#8217;azione dello Spirito di Dio, essa, come un deposito di grande valore, chiuso in un vaso prezioso, continuamente ringiovanisce e fa ringiovanire anche il vaso che la contiene \u00bb.<sup> 222<\/sup><\/p>\n<h3 align=\"left\"><b><a name=\"In sintesi\"><\/a>In sintesi<\/b><\/h3>\n<p align=\"left\"><b>176<\/b> <i>La fede \u00e8 un&#8217;adesione personale di tutto l&#8217;uomo a Dio che si rivela. Comporta un&#8217;adesione dell&#8217;intelligenza e della volont\u00e0 alla Rivelazione che Dio ha fatto di s\u00e9 attraverso le sue opere e le sue parole.<\/i><\/p>\n<p align=\"left\"><b>177<\/b><i> \u00ab Credere <\/i>\u00bb <i>ha perci\u00f2 un duplice riferimento: alla persona e alla verit\u00e0; alla verit\u00e0 per la fiducia che si accorda alla persona che l&#8217;afferma.<\/i><\/p>\n<p align=\"left\"><b>178<\/b><i> Non dobbiamo credere in nessun altro se non in Dio, il Padre, il Figlio e lo Spirito Santo.<\/i><\/p>\n<p align=\"left\"><b>179<\/b><i> La fede \u00e8 un dono soprannaturale di Dio. Per credere, l&#8217;uomo ha bisogno degli aiuti interiori dello Spirito Santo.<\/i><\/p>\n<p align=\"left\"><b>180<\/b><i> \u00ab Credere \u00bb \u00e8 un atto umano, cosciente e libero, che ben s&#8217;accorda con la dignit\u00e0 della persona umana.<\/i><\/p>\n<p align=\"left\"><b>181<\/b><i> \u00ab Credere <\/i>\u00bb <i>\u00e8 un atto ecclesiale. La fede della Chiesa precede, genera, sostiene e nutre la nostra fede. La Chiesa \u00e8 la Madre di tutti i credenti. <\/i>\u00ab <i>Nessuno pu\u00f2 avere Dio per Padre, se non ha la Chiesa per Madre<\/i> \u00bb.<sup> 223<\/sup><\/p>\n<p align=\"left\"><b>182<\/b> \u00ab <i>Noi crediamo tutto ci\u00f2 che \u00e8 contenuto nella Parola di Dio, scritta o tramandata, e che \u00e8 proposto dalla Chiesa come divinamente rivelato <\/i>\u00bb.<sup> 224<\/sup><\/p>\n<p align=\"left\"><b>183<\/b> <i>La fede \u00e8 necessaria alla salvezza. Il Signore stesso lo afferma: <\/i>\u00ab <i>Chi creder\u00e0 e sar\u00e0 battezzato sar\u00e0 salvo, ma chi non creder\u00e0 sar\u00e0 condannato<\/i> \u00bb (<i>Mc <\/i>16,16).<\/p>\n<p align=\"left\"><b>184<\/b> \u00ab<i>La fede <\/i>[&#8230;] <i>\u00e8 una pregustazione della conoscenza che ci render\u00e0 beati nella vita futura<\/i>\u00bb.<sup> 225 <\/sup><\/p>\n<p align=\"center\"><b><a name=\"Il Credo\"><\/a>Il Credo<\/b><\/p>\n<table style=\"width: 100%;\" border=\"0\" width=\"100%\">\n<tbody>\n<tr>\n<td style=\"text-align: center; width: 50%;\" width=\"50%\"><b>Simbolo degli Apostoli<\/b><sup>226<\/sup><\/td>\n<td style=\"text-align: center; width: 50%;\" width=\"50%\"><b>Credo niceno-costantinopolitano<\/b><sup>227<\/sup><\/td>\n<\/tr>\n<tr>\n<td style=\"width: 50%;\" width=\"50%\">Io credo in Dio, Padre onnipotente,Creatore del cielo e della terra.<\/td>\n<td style=\"width: 50%;\" width=\"50%\">Credo in un solo Dio, Padre onnipotente,Creatore del cielo e della terra,di tutte le cose visibili e invisibili.<\/td>\n<\/tr>\n<tr>\n<td style=\"width: 50%;\" width=\"50%\">E in Ges\u00f9 Cristo, suo unico Figlio,nostro Signore,<\/td>\n<td style=\"width: 50%;\" width=\"50%\">Credo in un solo Signore, Ges\u00f9 Cristo,Unigenito Figlio di Dio,nato dal Padre prima di tutti i secoli:Dio da Dio, Luce da Luce,Dio vero da Dio vero,generato, non creato,della sostanta del Padre;per mezzo di Lui tutte le cosesono state create.Per noi uomini e per la nostra salvezzadiscese dal cielo,<\/td>\n<\/tr>\n<tr>\n<td style=\"width: 50%;\" width=\"50%\">il quale fu concepito di Spirito Santo,nacque da Maria Vergine,<\/td>\n<td style=\"width: 50%;\" width=\"50%\">e per opera dello Spirito Santosi \u00e8 incarnato nel seno della Vergine Mariae si \u00e8 fatto uomo.<\/td>\n<\/tr>\n<tr>\n<td style=\"width: 50%;\" width=\"50%\">pat\u00ec sotto Ponzio Pilato,fu crocifisso, mor\u00ec e fu sepolto;discese agli inferi;<\/td>\n<td style=\"width: 50%;\" width=\"50%\">Fu crocifisso per noi sotto Ponzio Pilatomor\u00ec e fu sepolto.<\/td>\n<\/tr>\n<tr>\n<td style=\"width: 50%;\" width=\"50%\">il terzo giorno risuscit\u00f2 da morte;sal\u00ec al cielo,siede alla destra di Dio Padre onnipotente:di l\u00e0 verr\u00e0 a giudicare i vivi e i morti.<\/td>\n<td style=\"width: 50%;\" width=\"50%\">Il terzo giorno \u00e8 risuscitato,secondo le Scritture,\u00e8 salito al cielo, siede alla destra del Padre.E di nuovo verr\u00e0, nella gloriaper giudicare i vivi e i mortie il suo regno non avr\u00e0 fine.<\/td>\n<\/tr>\n<tr>\n<td style=\"width: 50%;\" width=\"50%\">Credo nello Spirito Santo,<\/td>\n<td style=\"width: 50%;\" width=\"50%\">Credo nello Spirito Santo,che \u00e8 Signore e d\u00e0 la vita,e procede dal Padre e dal Figlio.Con il Padre e il Figlio\u00e8 adorato e glorificato,e ha parlato per mezzo dei profeti.<\/td>\n<\/tr>\n<tr>\n<td style=\"width: 50%;\" width=\"50%\">la santa Chiesa cattolica,la comunione dei santi,<\/td>\n<td style=\"width: 50%;\" width=\"50%\">Credo la Chiesa,una santa cattolica e apostolica.<\/td>\n<\/tr>\n<tr>\n<td style=\"width: 50%;\" width=\"50%\">la remissione dei peccati,la risurrezione della carne,la vita eterna.<\/p>\n<p>Amen<\/td>\n<td style=\"width: 50%;\" width=\"50%\">Professo un solo Battesimoper il perdono dei peccati.Aspetto la risurrezione dei mortie la vita del mondo che verr\u00e0.<\/p>\n<p>Amen<\/td>\n<\/tr>\n<\/tbody>\n<\/table>\n<hr \/>\n<p align=\"left\"><span style=\"font-size: small;\">(212) Simbolo degli Apostoli: DS 30.<\/span><\/p>\n<p align=\"left\"><span style=\"font-size: small;\">(213) <i>Simbolo niceno-costantinopolitano<\/i>: DS 150 (nel testo originale greco).<\/span><\/p>\n<p align=\"left\"><span style=\"font-size: small;\">(214) <i>Rito dell&#8217;iniziazione cristiana degli adulti<\/i>, 75 (Libreria Editrice Vaticana, 1989) p. 58; <i>Ibid<\/i>., 247, p. 144.<\/span><\/p>\n<p align=\"left\"><span style=\"font-size: small;\">(215) Fausto di Riez, <i>De Spiritu Sancto<\/i> 1, 2: CSEL 21, 104 (1, 1: PL 62, 11).<\/span><\/p>\n<p align=\"left\"><span style=\"font-size: small;\">(216) San Tommaso d&#8217;Aquino, <i>Summa theologiae<\/i>, II-II, q. 1, a. 2, ad 2: Ed. Leon. 8, 11.<\/span><\/p>\n<p align=\"left\"><span style=\"font-size: small;\">(217) Cf <i>Gd <\/i>1,3.<\/span><\/p>\n<p align=\"left\"><span style=\"font-size: small;\">(218) Cf <i>Ef <\/i>4,4-6.<\/span><\/p>\n<p align=\"left\"><span style=\"font-size: small;\">(219) Sant&#8217;Ireneo di Lione, <i>Adversus haereses<\/i>, 1, 10, 1-2: SC 264, 154-158 (PG 7, 550-551).<\/span><\/p>\n<p align=\"left\"><span style=\"font-size: small;\">(220) Sant&#8217;Ireneo di Lione, <i>Adversus haereses<\/i>, 1, 10, 2: SC 264, 158-160 (PG 7, 531-534).<\/span><\/p>\n<p align=\"left\"><span style=\"font-size: small;\">(221) Sant&#8217;Ireneo di Lione, <i>Adversus haereses<\/i>, 5, 20, 1: SC 153, 254-256 (PG 7, 1177).<\/span><\/p>\n<p align=\"left\"><span style=\"font-size: small;\">(222) Sant&#8217;Ireneo di Lione, <i>Adversus haereses<\/i>, 3, 24, 1: SC 211, 472 (PG 7, 966).<\/span><\/p>\n<p align=\"left\"><span style=\"font-size: small;\">(223) San Cipriano di Cartagine, <i>De Ecclesiae catholicae unitate<\/i>, 6: CCL 3, 253 (PL 4, 519).<\/span><\/p>\n<p align=\"left\"><span style=\"font-size: small;\">(224) Paolo VI, <i>Credo del popolo di Dio<\/i>, 20: AAS 60 (1968) 441.<\/span><\/p>\n<p align=\"left\"><span style=\"font-size: small;\">(225) San Tommaso d&#8217;Aquino, <i>Compendium theologiae<\/i>, 1, 2: Ed. Leon. 42, 83.<\/span><\/p>\n<p align=\"left\"><span style=\"font-size: small;\">(226) DS 30.<\/span><\/p>\n<p align=\"left\"><span style=\"font-size: small;\">(227) DS 150.<\/span><\/p>\n","protected":false},"excerpt":{"rendered":"<p>ARTICOLO 2 NOI CREDIAMO 166 La fede \u00e8 un atto personale: \u00e8 la libera risposta dell&#8217;uomo all&#8217;iniziativa di Dio che si rivela. La fede per\u00f2 non \u00e8 un atto isolato.&hellip;<\/p>\n","protected":false},"author":2,"featured_media":13523,"parent":333,"menu_order":0,"comment_status":"closed","ping_status":"closed","template":"","format":"standard","meta":{"footnotes":""},"categories":[1],"class_list":["post-287","pagine","type-pagine","status-publish","format-standard","has-post-thumbnail","hentry","category-senza-categoria"],"_links":{"self":[{"href":"https:\/\/lucecristiana.org\/catechismo\/wp-json\/wp\/v2\/pagine\/287","targetHints":{"allow":["GET"]}}],"collection":[{"href":"https:\/\/lucecristiana.org\/catechismo\/wp-json\/wp\/v2\/pagine"}],"about":[{"href":"https:\/\/lucecristiana.org\/catechismo\/wp-json\/wp\/v2\/types\/pagine"}],"author":[{"embeddable":true,"href":"https:\/\/lucecristiana.org\/catechismo\/wp-json\/wp\/v2\/users\/2"}],"replies":[{"embeddable":true,"href":"https:\/\/lucecristiana.org\/catechismo\/wp-json\/wp\/v2\/comments?post=287"}],"version-history":[{"count":0,"href":"https:\/\/lucecristiana.org\/catechismo\/wp-json\/wp\/v2\/pagine\/287\/revisions"}],"up":[{"embeddable":true,"href":"https:\/\/lucecristiana.org\/catechismo\/wp-json\/wp\/v2\/pagine\/333"}],"wp:featuredmedia":[{"embeddable":true,"href":"https:\/\/lucecristiana.org\/catechismo\/wp-json\/wp\/v2\/media\/13523"}],"wp:attachment":[{"href":"https:\/\/lucecristiana.org\/catechismo\/wp-json\/wp\/v2\/media?parent=287"}],"wp:term":[{"taxonomy":"category","embeddable":true,"href":"https:\/\/lucecristiana.org\/catechismo\/wp-json\/wp\/v2\/categories?post=287"}],"curies":[{"name":"wp","href":"https:\/\/api.w.org\/{rel}","templated":true}]}}